{"id":13578,"date":"2024-03-15T15:59:36","date_gmt":"2024-03-15T12:59:36","guid":{"rendered":"https:\/\/worknhuman.com\/?page_id=13578"},"modified":"2024-04-05T10:40:37","modified_gmt":"2024-04-05T07:40:37","slug":"2024-dunya-is-sagligi-ve-guvenligi-gunu-degisen-iklim-oruntulerinin-is-dunyasina-etkisi","status":"publish","type":"page","link":"https:\/\/worknhuman.com\/en\/2024-dunya-is-sagligi-ve-guvenligi-gunu-degisen-iklim-oruntulerinin-is-dunyasina-etkisi\/","title":{"rendered":"2024 D\u00fcnya \u0130\u015f Sa\u011fl\u0131\u011f\u0131 ve G\u00fcvenli\u011fi G\u00fcn\u00fc: De\u011fi\u015fen \u0130klim \u00d6r\u00fcnt\u00fclerinin \u0130\u015f D\u00fcnyas\u0131na Etkisi"},"content":{"rendered":"<div data-elementor-type=\"wp-page\" data-elementor-id=\"13578\" class=\"elementor elementor-13578\">\n\t\t\t\t<div class=\"elementor-element elementor-element-48d4034f e-con-full e-flex e-con e-parent\" data-id=\"48d4034f\" data-element_type=\"container\" data-settings=\"{&quot;background_background&quot;:&quot;classic&quot;}\">\n\t\t<div class=\"elementor-element elementor-element-3b8595ba e-con-full e-flex e-con e-child\" data-id=\"3b8595ba\" data-element_type=\"container\">\n\t\t\t\t<div class=\"elementor-element elementor-element-79ba2d07 elementor-widget__width-initial elementor-invisible elementor-widget elementor-widget-heading\" data-id=\"79ba2d07\" data-element_type=\"widget\" data-settings=\"{&quot;_animation&quot;:&quot;fadeIn&quot;}\" data-widget_type=\"heading.default\">\n\t\t\t\t<div class=\"elementor-widget-container\">\n\t\t\t\t\t<h1 class=\"elementor-heading-title elementor-size-default\">2024 D\u00dcNYA \u0130\u015e SA\u011eLI\u011eI VE G\u00dcVENL\u0130\u011e\u0130 G\u00dcN\u00dc<\/h1>\t\t\t\t<\/div>\n\t\t\t\t<\/div>\n\t\t\t\t<\/div>\n\t\t\t\t<\/div>\n\t\t<div class=\"elementor-element elementor-element-40223876 e-flex e-con-boxed e-con e-parent\" data-id=\"40223876\" data-element_type=\"container\" data-settings=\"{&quot;background_background&quot;:&quot;classic&quot;}\">\n\t\t\t\t\t<div class=\"e-con-inner\">\n\t\t<div class=\"elementor-element elementor-element-492fcf6b e-con-full e-flex e-con e-child\" data-id=\"492fcf6b\" data-element_type=\"container\" data-settings=\"{&quot;background_background&quot;:&quot;classic&quot;}\">\n\t\t\t\t<div class=\"elementor-element elementor-element-7aeda8a8 elementor-widget elementor-widget-image-box\" data-id=\"7aeda8a8\" data-element_type=\"widget\" data-widget_type=\"image-box.default\">\n\t\t\t\t<div class=\"elementor-widget-container\">\n\t\t\t\t\t<div class=\"elementor-image-box-wrapper\"><div class=\"elementor-image-box-content\"><p class=\"elementor-image-box-description\">Uluslararas\u0131 \u00c7al\u0131\u015fma \u00d6rg\u00fct\u00fc, her y\u0131l 28 Nisan'da \u0130\u015f Sa\u011fl\u0131\u011f\u0131 ve G\u00fcvenli\u011fi G\u00fcn\u00fc'n\u00fc anarak, i\u015f sa\u011fl\u0131\u011f\u0131 ve g\u00fcvenli\u011fi ile ilgili bir tema \u00fczerine odaklan\u0131r.\nBu y\u0131l\u0131n temas\u0131, iklim de\u011fi\u015fikli\u011finin i\u015f sa\u011fl\u0131\u011f\u0131 ve g\u00fcvenli\u011fi \u00fczerindeki etkilerini ara\u015ft\u0131rmak olacak.\n<\/p><\/div><\/div>\t\t\t\t<\/div>\n\t\t\t\t<\/div>\n\t\t\t\t<\/div>\n\t\t\t\t\t<\/div>\n\t\t\t\t<\/div>\n\t\t<div class=\"elementor-element elementor-element-95aac7d e-con-full e-flex e-con e-parent\" data-id=\"95aac7d\" data-element_type=\"container\" data-settings=\"{&quot;background_background&quot;:&quot;classic&quot;}\">\n\t\t<div class=\"elementor-element elementor-element-5ae8d7b e-con-full e-flex e-con e-child\" data-id=\"5ae8d7b\" data-element_type=\"container\">\n\t\t\t\t<div class=\"elementor-element elementor-element-a09ffed elementor-widget__width-initial elementor-invisible elementor-widget elementor-widget-heading\" data-id=\"a09ffed\" data-element_type=\"widget\" data-settings=\"{&quot;_animation&quot;:&quot;fadeIn&quot;}\" data-widget_type=\"heading.default\">\n\t\t\t\t<div class=\"elementor-widget-container\">\n\t\t\t\t\t<h1 class=\"elementor-heading-title elementor-size-default\">DE\u011e\u0130\u015eEN \u0130KL\u0130M \u00d6R\u00dcNT\u00dcLER\u0130N\u0130N \u0130\u015e D\u00dcNYASINA ETK\u0130S\u0130\n<\/h1>\t\t\t\t<\/div>\n\t\t\t\t<\/div>\n\t\t\t\t<\/div>\n\t\t\t\t<\/div>\n\t\t<div class=\"elementor-element elementor-element-6d5595c e-flex e-con-boxed e-con e-parent\" data-id=\"6d5595c\" data-element_type=\"container\" data-settings=\"{&quot;background_background&quot;:&quot;classic&quot;}\">\n\t\t\t\t\t<div class=\"e-con-inner\">\n\t\t<div class=\"elementor-element elementor-element-e232783 e-con-full e-flex e-con e-child\" data-id=\"e232783\" data-element_type=\"container\" data-settings=\"{&quot;background_background&quot;:&quot;classic&quot;}\">\n\t\t\t\t<div class=\"elementor-element elementor-element-6792f1d elementor-widget elementor-widget-image-box\" data-id=\"6792f1d\" data-element_type=\"widget\" data-widget_type=\"image-box.default\">\n\t\t\t\t<div class=\"elementor-widget-container\">\n\t\t\t\t\t<div class=\"elementor-image-box-wrapper\"><div class=\"elementor-image-box-content\"><p class=\"elementor-image-box-description\">\u0130klim de\u011fi\u015fikli\u011fi, i\u015f d\u00fcnyas\u0131n\u0131 \u00f6nemli \u00f6l\u00e7\u00fcde etkileyen de\u011fi\u015fen hava desenleriyle birlikte i\u015f\u00e7ilerin sa\u011fl\u0131k ve g\u00fcvenli\u011fini de etkilemektedir. Bu durum, \u00e7e\u015fitli mesleki risklerin iklim de\u011fi\u015fikli\u011fi taraf\u0131ndan k\u00f6t\u00fcle\u015ftirilmesiyle daha da belirgin hale gelmektedir. Bu riskler aras\u0131nda \u015funlar bulunmaktad\u0131r:\n<\/p><\/div><\/div>\t\t\t\t<\/div>\n\t\t\t\t<\/div>\n\t\t\t\t<\/div>\n\t\t\t\t\t<\/div>\n\t\t\t\t<\/div>\n\t\t<div class=\"elementor-element elementor-element-25277e3 e-con-full e-flex e-con e-parent\" data-id=\"25277e3\" data-element_type=\"container\" data-settings=\"{&quot;background_background&quot;:&quot;classic&quot;}\">\n\t\t<div class=\"elementor-element elementor-element-2e9ffa0 e-con-full e-flex e-con e-child\" data-id=\"2e9ffa0\" data-element_type=\"container\">\n\t\t\t\t<div class=\"elementor-element elementor-element-9ac3a92 elementor-widget__width-initial elementor-invisible elementor-widget elementor-widget-heading\" data-id=\"9ac3a92\" data-element_type=\"widget\" data-settings=\"{&quot;_animation&quot;:&quot;fadeIn&quot;}\" data-widget_type=\"heading.default\">\n\t\t\t\t<div class=\"elementor-widget-container\">\n\t\t\t\t\t<h1 class=\"elementor-heading-title elementor-size-default\">\u0130klim De\u011fi\u015fikli\u011fi ve Ruh Sa\u011fl\u0131\u011f\u0131<\/h1>\t\t\t\t<\/div>\n\t\t\t\t<\/div>\n\t\t\t\t<\/div>\n\t\t\t\t<\/div>\n\t\t<div class=\"elementor-element elementor-element-7700825 e-flex e-con-boxed e-con e-parent\" data-id=\"7700825\" data-element_type=\"container\" data-settings=\"{&quot;background_background&quot;:&quot;classic&quot;}\">\n\t\t\t\t\t<div class=\"e-con-inner\">\n\t\t<div class=\"elementor-element elementor-element-295a77c e-con-full e-flex e-con e-child\" data-id=\"295a77c\" data-element_type=\"container\" data-settings=\"{&quot;background_background&quot;:&quot;classic&quot;}\">\n\t\t\t\t<div class=\"elementor-element elementor-element-4436463 elementor-widget elementor-widget-image-box\" data-id=\"4436463\" data-element_type=\"widget\" data-widget_type=\"image-box.default\">\n\t\t\t\t<div class=\"elementor-widget-container\">\n\t\t\t\t\t<div class=\"elementor-image-box-wrapper\"><div class=\"elementor-image-box-content\"><p class=\"elementor-image-box-description\">\u0130klim de\u011fi\u015fikli\u011fi, \u00e7e\u015fitli pop\u00fclasyonlardaki ruh sa\u011fl\u0131\u011f\u0131n\u0131 etkileyen \u00f6nemli bir fakt\u00f6r olarak giderek daha fazla kabul g\u00f6rmektedir. \u00c7al\u0131\u015fmalar, iklim de\u011fi\u015fikli\u011fi ve ruh sa\u011fl\u0131\u011f\u0131 aras\u0131ndaki ba\u011flant\u0131y\u0131 vurgulayarak, iklim de\u011fi\u015fikli\u011finin ruh sa\u011fl\u0131\u011f\u0131 \u00fczerindeki etkilerini ele almak i\u00e7in acil eylem ihtiyac\u0131n\u0131 vurgulamaktad\u0131r (Corval\u00e1n vd., 2022; Obradovich ve Minor, 2022; Crane vd., 2022). \n\nRuh sa\u011fl\u0131\u011f\u0131na ili\u015fkin hususlar\u0131n iklim de\u011fi\u015fikli\u011fi politikalar\u0131na ve programlar\u0131na entegre edilmesinin, iklim de\u011fi\u015fikli\u011finin yaratt\u0131\u011f\u0131 ruh sa\u011fl\u0131\u011f\u0131 sorunlar\u0131na etkili bir \u015fekilde yan\u0131t vermek i\u00e7in \u00e7ok kritik oldu\u011funu pek \u00e7ok ara\u015ft\u0131rmada g\u00f6sterilmektedir (Woodland vd., 2023; Hayes ve Poland, 2018). Ruh sa\u011fl\u0131\u011f\u0131 \u00fczerindeki olumsuz etkileri hafifletmek i\u00e7in iklim de\u011fi\u015fikli\u011fi giri\u015fimlerine ruh sa\u011fl\u0131\u011f\u0131 deste\u011finin dahil edilmesi \u00f6nemlidir. (Martin, 2024; Atwoli ve ark., 2022).\n\nAyr\u0131ca, \u00fclkeler aras\u0131nda ruh sa\u011fl\u0131\u011f\u0131 ve esenlik konusunda var olan e\u015fitsizliklerin iklim de\u011fi\u015fikli\u011fi nedeniyle daha da k\u00f6t\u00fcle\u015fmesi muhtemeldir ve bu da iklim de\u011fi\u015fikli\u011finin ruh sa\u011fl\u0131\u011f\u0131 \u00fczerindeki etkilerinde ulusal ve b\u00f6lgesel e\u015fitsizliklerin ara\u015ft\u0131r\u0131lmas\u0131 ve ele al\u0131nmas\u0131n\u0131n \u00f6nemini vurgulamaktad\u0131r (Reyes vd., 2021). \u0130klim de\u011fi\u015fikli\u011finin ruh sa\u011fl\u0131\u011f\u0131 \u00fczerindeki etkileri yaln\u0131zca geli\u015fmi\u015f \u00fclkelerle s\u0131n\u0131rl\u0131 de\u011fildir; yap\u0131lan \u00e7al\u0131\u015fmalar Afrika'da ve Filipinler'deki gen\u00e7ler aras\u0131nda da ruh sa\u011fl\u0131\u011f\u0131na y\u00f6nelik risklerin alt\u0131n\u0131 \u00e7izmektedir (Cuijpers, 2023; Fritze vd., 2008).\n\u0130klim de\u011fi\u015fikli\u011fi, iklim kayg\u0131s\u0131na ve solastaljiye yol a\u00e7arak ruh sa\u011fl\u0131\u011f\u0131 sorunlar\u0131na neden olabilmektedir (Romeu, 2021). \n\n\u0130klim de\u011fi\u015fikli\u011finin a\u015f\u0131r\u0131 hava olaylar\u0131 gibi etkileri, \u00f6zellikle a\u00e7\u0131k alanda ve ekipmans\u0131z \u00e7al\u0131\u015fan gruplar\u0131n\u0131 etkileyerek ruh sa\u011fl\u0131\u011f\u0131 \u00fczerinde \u00f6nemli sonu\u00e7lar yaratabilmektedir. Ruh sa\u011fl\u0131\u011f\u0131 uzmanlar\u0131n\u0131n iklim de\u011fi\u015fikli\u011finin ruh sa\u011fl\u0131\u011f\u0131 \u00fczerindeki etkilerini etkili bir \u015fekilde aktarmalar\u0131 ve bu sorunlar\u0131 ele almak i\u00e7in proaktif ad\u0131mlar atmalar\u0131 b\u00fcy\u00fck \u00f6nem ta\u015f\u0131maktad\u0131r.\n<\/p><\/div><\/div>\t\t\t\t<\/div>\n\t\t\t\t<\/div>\n\t\t\t\t<\/div>\n\t\t\t\t\t<\/div>\n\t\t\t\t<\/div>\n\t\t<div class=\"elementor-element elementor-element-c031422 e-con-full e-flex e-con e-parent\" data-id=\"c031422\" data-element_type=\"container\" data-settings=\"{&quot;background_background&quot;:&quot;classic&quot;}\">\n\t\t<div class=\"elementor-element elementor-element-967368c e-con-full e-flex e-con e-child\" data-id=\"967368c\" data-element_type=\"container\">\n\t\t\t\t<div class=\"elementor-element elementor-element-e7f9436 elementor-widget__width-initial elementor-invisible elementor-widget elementor-widget-heading\" data-id=\"e7f9436\" data-element_type=\"widget\" data-settings=\"{&quot;_animation&quot;:&quot;fadeIn&quot;}\" data-widget_type=\"heading.default\">\n\t\t\t\t<div class=\"elementor-widget-container\">\n\t\t\t\t\t<h1 class=\"elementor-heading-title elementor-size-default\">Is\u0131 Stresi<\/h1>\t\t\t\t<\/div>\n\t\t\t\t<\/div>\n\t\t\t\t<\/div>\n\t\t\t\t<\/div>\n\t\t<div class=\"elementor-element elementor-element-36a5566 e-flex e-con-boxed e-con e-parent\" data-id=\"36a5566\" data-element_type=\"container\" data-settings=\"{&quot;background_background&quot;:&quot;classic&quot;}\">\n\t\t\t\t\t<div class=\"e-con-inner\">\n\t\t<div class=\"elementor-element elementor-element-874debc e-con-full e-flex e-con e-child\" data-id=\"874debc\" data-element_type=\"container\" data-settings=\"{&quot;background_background&quot;:&quot;classic&quot;}\">\n\t\t\t\t<div class=\"elementor-element elementor-element-10c6e34 elementor-widget elementor-widget-image-box\" data-id=\"10c6e34\" data-element_type=\"widget\" data-widget_type=\"image-box.default\">\n\t\t\t\t<div class=\"elementor-widget-container\">\n\t\t\t\t\t<div class=\"elementor-image-box-wrapper\"><div class=\"elementor-image-box-content\"><p class=\"elementor-image-box-description\">Is\u0131 stresi, i\u015f yerinde artan s\u0131cakl\u0131klar ve nem seviyeleri ile daha da k\u00f6t\u00fcle\u015febilen \u00f6nemli bir mesleki tehlikedir.\nIs\u0131 stresi, v\u00fccudun d\u0131\u015f \u0131s\u0131ya maruz kalmaya yan\u0131t olarak i\u00e7 s\u0131cakl\u0131\u011f\u0131n\u0131 d\u00fczenleyemedi\u011fi durumlarda ortaya \u00e7\u0131kan bir durumdur. \u0130klim de\u011fi\u015fikli\u011fi nedeniyle artan k\u00fcresel s\u0131cakl\u0131klarla birlikte, \u00e7al\u0131\u015fanlar aras\u0131nda \u0131s\u0131 stresi riski giderek daha yayg\u0131n hale gelmektedir (Abokhashabah, 2021).\ni\u015f yerinde \u0131s\u0131 stresinin geli\u015fmesine \u00e7e\u015fitli fakt\u00f6rler neden olmaktad\u0131r. Y\u00fcksek s\u0131cakl\u0131klar, y\u00fcksek nem seviyeleri ile birle\u015fti\u011finde, v\u00fccudun terleme yoluyla kendini so\u011futma yetene\u011fini engelleyebilir. Ek olarak, fiziksel efor, yetersiz dinlenme molalar\u0131 ve koruyucu k\u0131yafet giymek \u00e7al\u0131\u015fanlar aras\u0131nda \u0131s\u0131 stresini daha da \u015fiddetlendirebilir. \u0130\u015fverenlerin bu risk fakt\u00f6rlerini belirlemesi ve i\u015f yerinde \u0131s\u0131 stresini azaltmak i\u00e7in uygun \u00f6nlemleri almas\u0131 b\u00fcy\u00fck \u00f6nem ta\u015f\u0131maktad\u0131r.\nS\u0131cak stresi, hafif s\u0131cak d\u00f6k\u00fcnt\u00fcs\u00fc ve s\u0131cak kramplar\u0131ndan s\u0131cak bitkinli\u011fi ve s\u0131cak \u00e7arpmas\u0131 gibi daha ciddi durumlara kadar bir dizi sa\u011fl\u0131k sorununa yol a\u00e7abilir. Y\u00fcksek s\u0131cakl\u0131klara uzun s\u00fcre maruz kalmak dehidrasyon, s\u0131ca\u011fa ba\u011fl\u0131 hastal\u0131klar ve hatta a\u015f\u0131r\u0131 durumlarda \u00f6l\u00fcm riskini art\u0131rabilir. \u0130n\u015faat, tar\u0131m ve imalat gibi sekt\u00f6rlerde \u00e7al\u0131\u015fanlar, \u00e7al\u0131\u015fma ortamlar\u0131n\u0131n do\u011fas\u0131 gere\u011fi \u0131s\u0131 stresine kar\u015f\u0131 \u00f6zellikle savunmas\u0131zd\u0131r.\nIs\u0131 stresini \u00f6nlemek ve \u00e7al\u0131\u015fanlar\u0131n sa\u011fl\u0131\u011f\u0131n\u0131 korumak i\u00e7in i\u015fverenler \u00e7e\u015fitli stratejiler uygulayabilir. Bunlar aras\u0131nda yeterli havaland\u0131rma ve so\u011futma sistemleri sa\u011flamak, g\u00fcn\u00fcn daha serin saatlerinde \u00e7al\u0131\u015fma planlamak, so\u011fuk suya ve dinlenme molalar\u0131na eri\u015fim sa\u011flamak, \u00e7al\u0131\u015fanlar\u0131 s\u0131ca\u011fa ba\u011fl\u0131 hastal\u0131klar\u0131n belirtilerini tan\u0131malar\u0131 konusunda e\u011fitmek ve i\u015f y\u00fcklerini hava ko\u015fullar\u0131na g\u00f6re ayarlamak yer almaktad\u0131r. So\u011futucu yelekler ve nefes alabilen giysiler gibi ki\u015fisel koruyucu ekipmanlar da \u00e7al\u0131\u015fanlar aras\u0131nda \u0131s\u0131 stresi riskini azaltmaya yard\u0131mc\u0131 olabilir.\n<\/p><\/div><\/div>\t\t\t\t<\/div>\n\t\t\t\t<\/div>\n\t\t\t\t<\/div>\n\t\t\t\t\t<\/div>\n\t\t\t\t<\/div>\n\t\t<div class=\"elementor-element elementor-element-7ae371c e-con-full e-flex e-con e-parent\" data-id=\"7ae371c\" data-element_type=\"container\" data-settings=\"{&quot;background_background&quot;:&quot;classic&quot;}\">\n\t\t<div class=\"elementor-element elementor-element-8a4ff23 e-con-full e-flex e-con e-child\" data-id=\"8a4ff23\" data-element_type=\"container\">\n\t\t\t\t<div class=\"elementor-element elementor-element-9da158d elementor-widget__width-initial elementor-invisible elementor-widget elementor-widget-heading\" data-id=\"9da158d\" data-element_type=\"widget\" data-settings=\"{&quot;_animation&quot;:&quot;fadeIn&quot;}\" data-widget_type=\"heading.default\">\n\t\t\t\t<div class=\"elementor-widget-container\">\n\t\t\t\t\t<h1 class=\"elementor-heading-title elementor-size-default\">UV I\u015f\u0131nlar\u0131<\/h1>\t\t\t\t<\/div>\n\t\t\t\t<\/div>\n\t\t\t\t<\/div>\n\t\t\t\t<\/div>\n\t\t<div class=\"elementor-element elementor-element-094566b e-flex e-con-boxed e-con e-parent\" data-id=\"094566b\" data-element_type=\"container\" data-settings=\"{&quot;background_background&quot;:&quot;classic&quot;}\">\n\t\t\t\t\t<div class=\"e-con-inner\">\n\t\t<div class=\"elementor-element elementor-element-484b68a e-con-full e-flex e-con e-child\" data-id=\"484b68a\" data-element_type=\"container\" data-settings=\"{&quot;background_background&quot;:&quot;classic&quot;}\">\n\t\t\t\t<div class=\"elementor-element elementor-element-6d865c5 elementor-widget elementor-widget-image-box\" data-id=\"6d865c5\" data-element_type=\"widget\" data-widget_type=\"image-box.default\">\n\t\t\t\t<div class=\"elementor-widget-container\">\n\t\t\t\t\t<div class=\"elementor-image-box-wrapper\"><div class=\"elementor-image-box-content\"><p class=\"elementor-image-box-description\">UV \u0131\u015f\u0131nlar\u0131, \u00f6zellikle a\u00e7\u0131k alanlarda \u00e7al\u0131\u015fan i\u015f\u00e7iler i\u00e7in cilt kanseri riskini art\u0131rabilir. G\u00fcne\u015f \u0131\u015f\u0131\u011f\u0131 ve UV radyasyonuna maruz kalman\u0131n, cilt kanseri geli\u015fiminde \u00f6nemli bir fakt\u00f6r oldu\u011fu bilinmektedir (Sahan, 2019). UV radyasyonun cilt kanseri \u00fczerindeki etkileri, g\u00fcnl\u00fck ya\u015famda maruz kal\u0131nan UV \u0131\u015f\u0131nlar\u0131n\u0131n toksik etkilere neden olabilece\u011fini g\u00f6stermektedir (Seven et al., 2015). Bu durum, i\u015f\u00e7ilerin sa\u011fl\u0131\u011f\u0131n\u0131 olumsuz etkileyebilir ve ciddi sonu\u00e7lara yol a\u00e7abilir.\n\u0130\u015f\u00e7ilerin g\u00fcne\u015f \u0131\u015f\u0131\u011f\u0131 ve UV radyasyonundan kaynaklanan riskleri azaltmak i\u00e7in i\u015fverenlerin \u00f6nlem almas\u0131 gerekmektedir. Bu \u00f6nlemler aras\u0131nda, i\u015f\u00e7ilere uygun koruyucu ekipman sa\u011flanmas\u0131, \u00e7al\u0131\u015fma saatlerinin g\u00fcne\u015fin en yo\u011fun oldu\u011fu zamanlarda s\u0131n\u0131rlanmas\u0131, g\u00f6lgelik alanlar\u0131n olu\u015fturulmas\u0131, d\u00fczenli olarak g\u00fcne\u015f koruyucu kremler kullan\u0131lmas\u0131 gibi tedbirler yer almaktad\u0131r. Ayr\u0131ca, i\u015f\u00e7ilere UV \u0131\u015f\u0131nlar\u0131na maruz kalma konusunda e\u011fitim verilmesi ve d\u00fczenli sa\u011fl\u0131k kontrollerinin yap\u0131lmas\u0131 da \u00f6nemlidir.\nUV \u0131\u015f\u0131nlar\u0131na maruziyetin cilt kanseri riskini art\u0131rd\u0131\u011f\u0131 ger\u00e7e\u011fi, i\u015f sa\u011fl\u0131\u011f\u0131 ve g\u00fcvenli\u011fi alan\u0131nda daha fazla fark\u0131ndal\u0131k yarat\u0131lmas\u0131n\u0131 ve i\u015fverenlerin \u00e7al\u0131\u015fanlar\u0131n\u0131n sa\u011fl\u0131\u011f\u0131n\u0131 korumak i\u00e7in gerekli ad\u0131mlar\u0131 atmalar\u0131n\u0131 te\u015fvik etmektedir. Bu ba\u011flamda, i\u015f\u00e7ilerin g\u00fcne\u015f \u0131\u015f\u0131\u011f\u0131 ve UV radyasyonundan kaynaklanan risklere kar\u015f\u0131 korunmalar\u0131 i\u00e7in etkili politikalar\u0131n ve uygulamalar\u0131n hayata ge\u00e7irilmesi gerekmektedir.\n<\/p><\/div><\/div>\t\t\t\t<\/div>\n\t\t\t\t<\/div>\n\t\t\t\t<\/div>\n\t\t\t\t\t<\/div>\n\t\t\t\t<\/div>\n\t\t<div class=\"elementor-element elementor-element-f028a28 e-con-full e-flex e-con e-parent\" data-id=\"f028a28\" data-element_type=\"container\" data-settings=\"{&quot;background_background&quot;:&quot;classic&quot;}\">\n\t\t<div class=\"elementor-element elementor-element-f691274 e-con-full e-flex e-con e-child\" data-id=\"f691274\" data-element_type=\"container\">\n\t\t\t\t<div class=\"elementor-element elementor-element-b277096 elementor-widget__width-initial elementor-invisible elementor-widget elementor-widget-heading\" data-id=\"b277096\" data-element_type=\"widget\" data-settings=\"{&quot;_animation&quot;:&quot;fadeIn&quot;}\" data-widget_type=\"heading.default\">\n\t\t\t\t<div class=\"elementor-widget-container\">\n\t\t\t\t\t<h1 class=\"elementor-heading-title elementor-size-default\">Hava Kirlili\u011fi<\/h1>\t\t\t\t<\/div>\n\t\t\t\t<\/div>\n\t\t\t\t<\/div>\n\t\t\t\t<\/div>\n\t\t<div class=\"elementor-element elementor-element-9a366dd e-flex e-con-boxed e-con e-parent\" data-id=\"9a366dd\" data-element_type=\"container\" data-settings=\"{&quot;background_background&quot;:&quot;classic&quot;}\">\n\t\t\t\t\t<div class=\"e-con-inner\">\n\t\t<div class=\"elementor-element elementor-element-3155f67 e-con-full e-flex e-con e-child\" data-id=\"3155f67\" data-element_type=\"container\" data-settings=\"{&quot;background_background&quot;:&quot;classic&quot;}\">\n\t\t\t\t<div class=\"elementor-element elementor-element-317bd13 elementor-widget elementor-widget-image-box\" data-id=\"317bd13\" data-element_type=\"widget\" data-widget_type=\"image-box.default\">\n\t\t\t\t<div class=\"elementor-widget-container\">\n\t\t\t\t\t<div class=\"elementor-image-box-wrapper\"><div class=\"elementor-image-box-content\"><p class=\"elementor-image-box-description\">Hava kirlili\u011fi, i\u015f\u00e7ilerin solunum sistemlerini etkileyebilecek ve solunum yolu hastal\u0131klar\u0131na neden olabilecek \u00f6nemli bir sa\u011fl\u0131k sorunudur. Ara\u015ft\u0131rmalar, hava kirlili\u011finin \u015fehirlerin s\u00fcrd\u00fcr\u00fclebilirli\u011fi ve halk sa\u011fl\u0131\u011f\u0131 i\u00e7in kritik bir konu oldu\u011funu vurgulamaktad\u0131r (\u00c7\u0130LEK, 2022). \u00d6zellikle sanayi kaynakl\u0131 hava kirlili\u011fi ve ula\u015f\u0131mdan kaynaklanan emisyonlar, atmosfere zararl\u0131 kirleticiler salarak hava kalitesini olumsuz etkileyebilir (Ozel et al., 2021). Bu durum, i\u015f\u00e7ilerin maruz kald\u0131\u011f\u0131 hava kirlili\u011finin solunum yolu hastal\u0131klar\u0131 gibi sa\u011fl\u0131k sorunlar\u0131na yol a\u00e7abilece\u011fini g\u00f6stermektedir.\n\n\nHava kirlili\u011finin insan sa\u011fl\u0131\u011f\u0131 \u00fczerindeki etkileri, \u00f6zellikle solunum yolu hastal\u0131klar\u0131, gestasyonel diyabet, hipertansiyon, erken do\u011fum, d\u00fc\u015f\u00fck do\u011fum a\u011f\u0131rl\u0131\u011f\u0131 gibi sa\u011fl\u0131k sorunlar\u0131yla ili\u015fkilendirilmi\u015ftir (D\u00f6nmez &amp; KURT&gt;, 2023). Ayr\u0131ca, hava kirlili\u011finin ekonomik b\u00fcy\u00fcme ve sa\u011fl\u0131k harcamalar\u0131 aras\u0131nda da bir ili\u015fki oldu\u011fu belirtilmektedir (De\u011firmenci &amp; Yavuz, 2021). Bu nedenle, hava kirlili\u011finin i\u015f\u00e7ilerin sa\u011fl\u0131\u011f\u0131 \u00fczerindeki olumsuz etkilerini azaltmak i\u00e7in \u00f6nlemler al\u0131nmas\u0131 gerekmektedir.\n\u0130\u015fverenler, i\u015f\u00e7ilerin hava kirlili\u011finden kaynaklanan risklerini en aza indirmek i\u00e7in \u00e7e\u015fitli tedbirler alabilirler. Bunlar aras\u0131nda i\u015f yerinde hava kalitesini izlemek, uygun koruyucu ekipman sa\u011flamak, \u00e7al\u0131\u015fma saatlerini d\u00fczenlemek, i\u015f\u00e7ilere hava kirlili\u011fi konusunda e\u011fitim vermek ve sa\u011fl\u0131k kontrollerini d\u00fczenli olarak yapmak yer almaktad\u0131r. Ayr\u0131ca, hava kirlili\u011finin azalt\u0131lmas\u0131na y\u00f6nelik \u00e7evresel politikalar\u0131n desteklenmesi ve uygulanmas\u0131 da \u00f6nemlidir.\nHava kirlili\u011finin i\u015f\u00e7ilerin sa\u011fl\u0131\u011f\u0131 \u00fczerindeki potansiyel etkileri g\u00f6z \u00f6n\u00fcne al\u0131nd\u0131\u011f\u0131nda, i\u015fyerlerinde hava kalitesinin izlenmesi ve gerekli \u00f6nlemlerin al\u0131nmas\u0131, i\u015f\u00e7ilerin sa\u011fl\u0131\u011f\u0131n\u0131 korumak ve g\u00fcvenli bir \u00e7al\u0131\u015fma ortam\u0131 sa\u011flamak i\u00e7in hayati \u00f6neme sahiptir.\n<\/p><\/div><\/div>\t\t\t\t<\/div>\n\t\t\t\t<\/div>\n\t\t\t\t<\/div>\n\t\t\t\t\t<\/div>\n\t\t\t\t<\/div>\n\t\t<div class=\"elementor-element elementor-element-9bafe3b e-con-full e-flex e-con e-parent\" data-id=\"9bafe3b\" data-element_type=\"container\" data-settings=\"{&quot;background_background&quot;:&quot;classic&quot;}\">\n\t\t<div class=\"elementor-element elementor-element-c851744 e-con-full e-flex e-con e-child\" data-id=\"c851744\" data-element_type=\"container\">\n\t\t\t\t<div class=\"elementor-element elementor-element-f7454b4 elementor-widget__width-initial elementor-invisible elementor-widget elementor-widget-heading\" data-id=\"f7454b4\" data-element_type=\"widget\" data-settings=\"{&quot;_animation&quot;:&quot;fadeIn&quot;}\" data-widget_type=\"heading.default\">\n\t\t\t\t<div class=\"elementor-widget-container\">\n\t\t\t\t\t<h1 class=\"elementor-heading-title elementor-size-default\">B\u00fcy\u00fck End\u00fcstriyel Kazalar<\/h1>\t\t\t\t<\/div>\n\t\t\t\t<\/div>\n\t\t\t\t<\/div>\n\t\t\t\t<\/div>\n\t\t<div class=\"elementor-element elementor-element-1afc102 e-flex e-con-boxed e-con e-parent\" data-id=\"1afc102\" data-element_type=\"container\" data-settings=\"{&quot;background_background&quot;:&quot;classic&quot;}\">\n\t\t\t\t\t<div class=\"e-con-inner\">\n\t\t<div class=\"elementor-element elementor-element-ae1fd25 e-con-full e-flex e-con e-child\" data-id=\"ae1fd25\" data-element_type=\"container\" data-settings=\"{&quot;background_background&quot;:&quot;classic&quot;}\">\n\t\t\t\t<div class=\"elementor-element elementor-element-5a40eb2 elementor-widget elementor-widget-image-box\" data-id=\"5a40eb2\" data-element_type=\"widget\" data-widget_type=\"image-box.default\">\n\t\t\t\t<div class=\"elementor-widget-container\">\n\t\t\t\t\t<div class=\"elementor-image-box-wrapper\"><div class=\"elementor-image-box-content\"><p class=\"elementor-image-box-description\">\u0130klim de\u011fi\u015fikli\u011finin do\u011fal afetlerin s\u0131kl\u0131\u011f\u0131 ve yo\u011funlu\u011fu \u00fczerindeki artan etkisi, b\u00fcy\u00fck end\u00fcstriyel kazalardaki potansiyel art\u0131\u015fa ili\u015fkin endi\u015feleri art\u0131rm\u0131\u015ft\u0131r.\nAra\u015ft\u0131rmalar, iklim de\u011fi\u015fikli\u011finin sel, f\u0131rt\u0131na ve s\u0131cak hava dalgalar\u0131 gibi a\u015f\u0131r\u0131 hava olaylar\u0131na yol a\u00e7abilece\u011fini ve bunlar\u0131n da do\u011frudan veya dolayl\u0131 olarak end\u00fcstriyel kazalara yol a\u00e7abilece\u011fini g\u00f6stermektedir (Zou vd., 2021). De\u011fi\u015fen iklim \u00f6r\u00fcnt\u00fcleri ve \u00e7evresel ko\u015fullar, sanayi tesisleri i\u00e7in zorluklar olu\u015fturmakta ve do\u011fal afetlerin tetikledi\u011fi kaza olas\u0131l\u0131\u011f\u0131n\u0131 art\u0131rmaktad\u0131r (Naderpour vd., 2019). \u0130klim de\u011fi\u015fikli\u011fi ve end\u00fcstriyel kazalar aras\u0131ndaki ba\u011flant\u0131y\u0131 anlamak, haz\u0131rl\u0131k ve m\u00fcdahale stratejilerini geli\u015ftirmek i\u00e7in \u00e7ok \u00f6nemlidir.\nEnd\u00fcstriyel kurulu\u015flardaki g\u00fcvenlik atmosferi, kazalar\u0131n \u00f6nlenmesi ve risk y\u00f6netiminde \u00e7ok \u00f6nemli bir rol oynamaktad\u0131r (Zohar, 1980). Olumlu bir g\u00fcvenlik atmosferi, g\u00fcvenlik bilinci ve protokollere ba\u011fl\u0131l\u0131k k\u00fclt\u00fcr\u00fcn\u00fc te\u015fvik ederek kaza olas\u0131l\u0131\u011f\u0131n\u0131 azalt\u0131r (Khoshakhlagh vd., 2023). Etkili g\u00fcvenlik giri\u015fimleri, iklim de\u011fi\u015fikli\u011fi kaynakl\u0131 do\u011fal afetler gibi d\u0131\u015f fakt\u00f6rlerin end\u00fcstriyel kazalar\u0131n olu\u015fumu \u00fczerindeki etkisini azaltmaya yard\u0131mc\u0131 olabilir.\n\u0130klim de\u011fi\u015fikli\u011fi nedeniyle artan b\u00fcy\u00fck end\u00fcstriyel kaza risklerini ele almak i\u00e7in proaktif \u00f6nleme stratejileri ve afete haz\u0131rl\u0131k planlar\u0131 \u015fartt\u0131r (Putri vd., 2021). \u0130klim de\u011fi\u015fikli\u011fi hususlar\u0131n\u0131n risk de\u011ferlendirmelerine dahil edilmesi, sa\u011flam g\u00fcvenlik protokollerinin uygulanmas\u0131 ve acil durum m\u00fcdahale kabiliyetlerinin geli\u015ftirilmesi, do\u011fal afetlerin end\u00fcstriyel tesisler \u00fczerindeki etkilerine kar\u015f\u0131 dayan\u0131kl\u0131l\u0131\u011f\u0131 art\u0131rabilir (KURT&amp; &amp; \u00c7ET\u0130NYOKU\u015e, 2023). Devlet kurumlar\u0131, end\u00fcstriler ve topluluklar da dahil olmak \u00fczere payda\u015flar aras\u0131ndaki i\u015fbirli\u011fi, etkili risk y\u00f6netimi i\u00e7in ya\u015famsal \u00f6nem ta\u015f\u0131maktad\u0131r.\n<\/p><\/div><\/div>\t\t\t\t<\/div>\n\t\t\t\t<\/div>\n\t\t\t\t<\/div>\n\t\t\t\t\t<\/div>\n\t\t\t\t<\/div>\n\t\t<div class=\"elementor-element elementor-element-63db767 e-con-full e-flex e-con e-parent\" data-id=\"63db767\" data-element_type=\"container\" data-settings=\"{&quot;background_background&quot;:&quot;classic&quot;}\">\n\t\t<div class=\"elementor-element elementor-element-98a44f4 e-con-full e-flex e-con e-child\" data-id=\"98a44f4\" data-element_type=\"container\">\n\t\t\t\t<div class=\"elementor-element elementor-element-806a3af elementor-widget__width-initial elementor-invisible elementor-widget elementor-widget-heading\" data-id=\"806a3af\" data-element_type=\"widget\" data-settings=\"{&quot;_animation&quot;:&quot;fadeIn&quot;}\" data-widget_type=\"heading.default\">\n\t\t\t\t<div class=\"elementor-widget-container\">\n\t\t\t\t\t<h1 class=\"elementor-heading-title elementor-size-default\">A\u015f\u0131r\u0131 Hava Olaylar\u0131<\/h1>\t\t\t\t<\/div>\n\t\t\t\t<\/div>\n\t\t\t\t<\/div>\n\t\t\t\t<\/div>\n\t\t<div class=\"elementor-element elementor-element-c78ac42 e-flex e-con-boxed e-con e-parent\" data-id=\"c78ac42\" data-element_type=\"container\" data-settings=\"{&quot;background_background&quot;:&quot;classic&quot;}\">\n\t\t\t\t\t<div class=\"e-con-inner\">\n\t\t<div class=\"elementor-element elementor-element-b2c8c53 e-con-full e-flex e-con e-child\" data-id=\"b2c8c53\" data-element_type=\"container\" data-settings=\"{&quot;background_background&quot;:&quot;classic&quot;}\">\n\t\t\t\t<div class=\"elementor-element elementor-element-2345d6a elementor-widget elementor-widget-image-box\" data-id=\"2345d6a\" data-element_type=\"widget\" data-widget_type=\"image-box.default\">\n\t\t\t\t<div class=\"elementor-widget-container\">\n\t\t\t\t\t<div class=\"elementor-image-box-wrapper\"><div class=\"elementor-image-box-content\"><p class=\"elementor-image-box-description\">\u015eiddetli f\u0131rt\u0131nalar, seller, orman yang\u0131nlar\u0131 ve di\u011fer do\u011fal afetler gibi a\u015f\u0131r\u0131 hava olaylar\u0131, fiziksel altyap\u0131 ve \u00e7e\u015fitli sekt\u00f6rlerdeki \u00e7al\u0131\u015fanlar\u0131n g\u00fcvenli\u011fi i\u00e7in \u00f6nemli tehditler olu\u015fturmaktad\u0131r. \nAra\u015ft\u0131rmalar, a\u015f\u0131r\u0131 hava olaylar\u0131n\u0131n i\u015f yerlerinde fiziksel hasara yol a\u00e7abilece\u011fini, operasyonlar\u0131 aksatabilece\u011fini ve \u00e7al\u0131\u015fanlar\u0131n g\u00fcvenli\u011fini tehlikeye atabilece\u011fini g\u00f6stermi\u015ftir (Groot vd., 2019). Seller ve orman yang\u0131nlar\u0131 gibi do\u011fal afetlerin ard\u0131ndan ya\u015fananlar, \u00e7al\u0131\u015fma ortamlar\u0131nda tehlikeli ko\u015fullar yaratarak kaza ve yaralanma riskini art\u0131rabilir (Dickinson vd., 2022). A\u015f\u0131r\u0131 hava olaylar\u0131n\u0131n i\u015f yeri g\u00fcvenli\u011fi \u00fczerindeki etkisini anlamak, etkili m\u00fcdahale ve kurtarma stratejileri geli\u015ftirmek i\u00e7in \u00e7ok \u00f6nemlidir.\nA\u015f\u0131r\u0131 hava olaylar\u0131n\u0131n, hava kirleticilerine maruz kalma, stres bozukluklar\u0131 ve travma sonras\u0131 etkiler de dahil olmak \u00fczere \u00e7al\u0131\u015fanlar\u0131n sa\u011fl\u0131\u011f\u0131 \u00fczerinde de \u00f6nemli etkileri olabilir (Groot ve ark., 2019). \u00d6rne\u011fin, orman yang\u0131nlar\u0131 havaya u\u00e7ucu organik bile\u015fikler salabilir ve orman yang\u0131n\u0131 duman\u0131na maruz kalan \u00e7al\u0131\u015fanlar i\u00e7in sa\u011fl\u0131k riskleri olu\u015fturabilir (Dickinson vd., 2022). A\u015f\u0131r\u0131 hava olaylar\u0131n\u0131n i\u015f sa\u011fl\u0131\u011f\u0131 \u00fczerindeki etkilerinin ele al\u0131nmas\u0131, kapsaml\u0131 risk de\u011ferlendirmesi ve \u00f6nleyici tedbirler gerektirir.\nA\u015f\u0131r\u0131 hava olaylar\u0131 kar\u015f\u0131s\u0131nda i\u015f yeri g\u00fcvenli\u011fini art\u0131rmak i\u00e7in i\u015fverenler \u00e7e\u015fitli risk azaltma stratejileri uygulayabilir. Bunlar aras\u0131nda acil m\u00fcdahale planlar\u0131n\u0131n geli\u015ftirilmesi, do\u011fal afetler s\u0131ras\u0131nda g\u00fcvenlik protokolleri konusunda e\u011fitim verilmesi, i\u015f yerlerinin yap\u0131sal dayan\u0131kl\u0131l\u0131\u011f\u0131n\u0131n sa\u011flanmas\u0131 ve \u00e7al\u0131\u015fanlar\u0131 zararl\u0131 kirleticilere maruz kalmaktan korumak i\u00e7in hava kalitesinin izlenmesi yer alabilir (Koopmans vd., 2020). \u0130lgili payda\u015flarla i\u015fbirli\u011fi yapmak ve \u00f6nleyici tedbirleri uygulamak, a\u015f\u0131r\u0131 hava olaylar\u0131yla ili\u015fkili riskleri en aza indirmeye yard\u0131mc\u0131 olabilir.\n<\/p><\/div><\/div>\t\t\t\t<\/div>\n\t\t\t\t<\/div>\n\t\t\t\t<\/div>\n\t\t\t\t\t<\/div>\n\t\t\t\t<\/div>\n\t\t<div class=\"elementor-element elementor-element-6b14d77 e-con-full e-flex e-con e-parent\" data-id=\"6b14d77\" data-element_type=\"container\" data-settings=\"{&quot;background_background&quot;:&quot;classic&quot;}\">\n\t\t<div class=\"elementor-element elementor-element-7b39fc8 e-con-full e-flex e-con e-child\" data-id=\"7b39fc8\" data-element_type=\"container\">\n\t\t\t\t<div class=\"elementor-element elementor-element-fb347fd elementor-widget__width-initial elementor-invisible elementor-widget elementor-widget-heading\" data-id=\"fb347fd\" data-element_type=\"widget\" data-settings=\"{&quot;_animation&quot;:&quot;fadeIn&quot;}\" data-widget_type=\"heading.default\">\n\t\t\t\t<div class=\"elementor-widget-container\">\n\t\t\t\t\t<h1 class=\"elementor-heading-title elementor-size-default\">Vekt\u00f6r Kaynakl\u0131 Hastal\u0131klar\u0131n Artmas\u0131<\/h1>\t\t\t\t<\/div>\n\t\t\t\t<\/div>\n\t\t\t\t<\/div>\n\t\t\t\t<\/div>\n\t\t<div class=\"elementor-element elementor-element-49c34c7 e-flex e-con-boxed e-con e-parent\" data-id=\"49c34c7\" data-element_type=\"container\" data-settings=\"{&quot;background_background&quot;:&quot;classic&quot;}\">\n\t\t\t\t\t<div class=\"e-con-inner\">\n\t\t<div class=\"elementor-element elementor-element-ff0d227 e-con-full e-flex e-con e-child\" data-id=\"ff0d227\" data-element_type=\"container\" data-settings=\"{&quot;background_background&quot;:&quot;classic&quot;}\">\n\t\t\t\t<div class=\"elementor-element elementor-element-75f39f8 elementor-widget elementor-widget-image-box\" data-id=\"75f39f8\" data-element_type=\"widget\" data-widget_type=\"image-box.default\">\n\t\t\t\t<div class=\"elementor-widget-container\">\n\t\t\t\t\t<div class=\"elementor-image-box-wrapper\"><div class=\"elementor-image-box-content\"><p class=\"elementor-image-box-description\">Vekt\u00f6r kaynakl\u0131 hastal\u0131klar\u0131n art\u0131\u015f\u0131, iklim de\u011fi\u015fikli\u011finin etkisiyle b\u00f6cek ve ha\u015ferelerin ya\u015fam d\u00f6ng\u00fclerini etkileyerek yay\u0131lma riskini art\u0131rabilir. Ara\u015ft\u0131rmalar, iklim de\u011fi\u015fikli\u011finin vekt\u00f6r kaynakl\u0131 hastal\u0131klar\u0131n yay\u0131lmas\u0131nda \u00f6nemli bir rol oynad\u0131\u011f\u0131n\u0131 g\u00f6stermektedir Caminade et al. (2018). B\u00f6ceklerin ve ha\u015ferelerin insan sa\u011fl\u0131\u011f\u0131na olan etkileri, hastal\u0131k yay\u0131lmas\u0131nda kritik bir fakt\u00f6r olarak \u00f6ne \u00e7\u0131kmaktad\u0131r (Bradshaw et al., 2016). Bu durum, vekt\u00f6r kaynakl\u0131 hastal\u0131klar\u0131n artan yay\u0131lma riskinin, iklim de\u011fi\u015fikli\u011fi ve vekt\u00f6r pop\u00fclasyonlar\u0131 aras\u0131ndaki kompleks etkile\u015fimlerle ili\u015fkili oldu\u011funu vurgulamaktad\u0131r (Campbell-Lendrum et al., 2015).\n\u0130klim de\u011fi\u015fikli\u011finin vekt\u00f6r kaynakl\u0131 hastal\u0131klar \u00fczerindeki etkileri, \u00f6zellikle hava s\u0131cakl\u0131\u011f\u0131, ya\u011f\u0131\u015f rejimi ve habitat de\u011fi\u015fiklikleri gibi fakt\u00f6rlerin hastal\u0131k vekt\u00f6rlerinin yay\u0131lmas\u0131n\u0131 etkiledi\u011fini g\u00f6stermektedir (Semenza &amp; Suk, 2017). \u00d6zellikle tropik ve subtropik b\u00f6lgelerde, vekt\u00f6r kaynakl\u0131 hastal\u0131klar\u0131n yay\u0131lma riski iklim de\u011fi\u015fikli\u011fi ile birlikte artmaktad\u0131r (Geiger et al., 2014). Bu durum, vekt\u00f6r kaynakl\u0131 hastal\u0131klar\u0131n kontrol\u00fc ve \u00f6nlenmesinde iklim de\u011fi\u015fikli\u011finin dikkate al\u0131nmas\u0131 gereklili\u011fini ortaya koymaktad\u0131r.\nVekt\u00f6r kaynakl\u0131 hastal\u0131klar\u0131n yay\u0131lma riskinin artmas\u0131, \u00f6zellikle sivrisinekler, kene ve di\u011fer vekt\u00f6rler arac\u0131l\u0131\u011f\u0131yla bula\u015fan hastal\u0131klar\u0131n yay\u0131lmas\u0131nda \u00f6nemli bir tehdit olu\u015fturmaktad\u0131r (Gilbert, 2009). \u0130klim de\u011fi\u015fikli\u011finin vekt\u00f6r pop\u00fclasyonlar\u0131 \u00fczerindeki etkileri, hastal\u0131k kontrol stratejilerinin geli\u015ftirilmesinde ve uygulanmas\u0131nda dikkate al\u0131nmal\u0131d\u0131r (Ciss\u00e9, 2019). Bu ba\u011flamda, iklim de\u011fi\u015fikli\u011finin vekt\u00f6r kaynakl\u0131 hastal\u0131klar\u0131n yay\u0131lmas\u0131ndaki rol\u00fcne odaklanan ara\u015ft\u0131rmalar\u0131n ve politika geli\u015ftirme \u00e7al\u0131\u015fmalar\u0131n\u0131n \u00f6nemi giderek artmaktad\u0131r.\n<\/p><\/div><\/div>\t\t\t\t<\/div>\n\t\t\t\t<\/div>\n\t\t\t\t<\/div>\n\t\t\t\t\t<\/div>\n\t\t\t\t<\/div>\n\t\t<div class=\"elementor-element elementor-element-83d567d e-con-full e-flex e-con e-parent\" data-id=\"83d567d\" data-element_type=\"container\" data-settings=\"{&quot;background_background&quot;:&quot;classic&quot;}\">\n\t\t<div class=\"elementor-element elementor-element-75a91fd e-con-full e-flex e-con e-child\" data-id=\"75a91fd\" data-element_type=\"container\">\n\t\t\t\t<div class=\"elementor-element elementor-element-67bb2f2 elementor-widget__width-initial elementor-invisible elementor-widget elementor-widget-heading\" data-id=\"67bb2f2\" data-element_type=\"widget\" data-settings=\"{&quot;_animation&quot;:&quot;fadeIn&quot;}\" data-widget_type=\"heading.default\">\n\t\t\t\t<div class=\"elementor-widget-container\">\n\t\t\t\t\t<h1 class=\"elementor-heading-title elementor-size-default\">Kimyasallara Maruz Kalma<\/h1>\t\t\t\t<\/div>\n\t\t\t\t<\/div>\n\t\t\t\t<\/div>\n\t\t\t\t<\/div>\n\t\t<div class=\"elementor-element elementor-element-e0c766f e-flex e-con-boxed e-con e-parent\" data-id=\"e0c766f\" data-element_type=\"container\" data-settings=\"{&quot;background_background&quot;:&quot;classic&quot;}\">\n\t\t\t\t\t<div class=\"e-con-inner\">\n\t\t<div class=\"elementor-element elementor-element-373cdc6 e-con-full e-flex e-con e-child\" data-id=\"373cdc6\" data-element_type=\"container\" data-settings=\"{&quot;background_background&quot;:&quot;classic&quot;}\">\n\t\t\t\t<div class=\"elementor-element elementor-element-44a4c52 elementor-widget elementor-widget-image-box\" data-id=\"44a4c52\" data-element_type=\"widget\" data-widget_type=\"image-box.default\">\n\t\t\t\t<div class=\"elementor-widget-container\">\n\t\t\t\t\t<div class=\"elementor-image-box-wrapper\"><div class=\"elementor-image-box-content\"><p class=\"elementor-image-box-description\">\u0130klim de\u011fi\u015fikli\u011fi, \u00e7e\u015fitli mesleki ortamlarda kimyasallara maruziyeti art\u0131rarak \u00e7al\u0131\u015fanlar\u0131n sa\u011fl\u0131\u011f\u0131 i\u00e7in \u00f6nemli bir tehdit olu\u015fturmaktad\u0131r. \u0130klim de\u011fi\u015fikli\u011finin bir sonucu olarak k\u00fcresel s\u0131cakl\u0131klardaki art\u0131\u015f, daha s\u0131k ve yo\u011fun s\u0131cak hava dalgalar\u0131na yol a\u00e7arak i\u015f yerinde \u0131s\u0131ya maruz kalmay\u0131 \u015fiddetlendirmektedir (Xiang ve ark., 2014).  De\u011fi\u015fen iklimin kimyasallar ve ekosistemler aras\u0131ndaki etkile\u015fimleri de etkilemesi, kimyasallar\u0131n t\u00fcrler ve ekolojik topluluklar \u00fczerindeki ak\u0131betini ve etkilerini etkilemesi beklenmektedir (Moe vd., 2022). Ayr\u0131ca, iklim de\u011fi\u015fikli\u011fi nedeniyle atmosfer s\u0131cakl\u0131\u011f\u0131ndaki art\u0131\u015f, a\u00e7\u0131k havada \u00e7al\u0131\u015fanlar i\u00e7in toksik kimyasallara maruz kalma riskini art\u0131rmaktad\u0131r (Abokhashabah vd., 2021).<\/p><\/div><\/div>\t\t\t\t<\/div>\n\t\t\t\t<\/div>\n\t\t\t\t<\/div>\n\t\t\t\t\t<\/div>\n\t\t\t\t<\/div>\n\t\t<div class=\"elementor-element elementor-element-e66efea e-flex e-con-boxed e-con e-parent\" data-id=\"e66efea\" data-element_type=\"container\" data-settings=\"{&quot;background_background&quot;:&quot;classic&quot;}\">\n\t\t\t\t\t<div class=\"e-con-inner\">\n\t\t<div class=\"elementor-element elementor-element-5dacae3 e-con-full e-flex e-con e-child\" data-id=\"5dacae3\" data-element_type=\"container\" data-settings=\"{&quot;background_background&quot;:&quot;classic&quot;}\">\n\t\t\t\t<div class=\"elementor-element elementor-element-160edb5 elementor-widget elementor-widget-image-box\" data-id=\"160edb5\" data-element_type=\"widget\" data-widget_type=\"image-box.default\">\n\t\t\t\t<div class=\"elementor-widget-container\">\n\t\t\t\t\t<div class=\"elementor-image-box-wrapper\"><div class=\"elementor-image-box-content\"><h4 class=\"elementor-image-box-title\">Sonu\u00e7 olarak,<\/h4><p class=\"elementor-image-box-description\">Sonu\u00e7 olarak, i\u015fverenlerin ve end\u00fcstrilerin, iklim de\u011fi\u015fikli\u011fi ve do\u011fal afetler gibi d\u0131\u015fsal fakt\u00f6rlerin i\u015f yerindeki riskleri nas\u0131l etkileyebilece\u011fini anlamalar\u0131 ve buna uygun \u00f6nlemleri alarak \u00e7al\u0131\u015fanlar\u0131n sa\u011fl\u0131\u011f\u0131n\u0131 ve g\u00fcvenli\u011fini korumalar\u0131 gerekmektedir. Bu, g\u00fc\u00e7l\u00fc i\u015f sa\u011fl\u0131\u011f\u0131 ve g\u00fcvenli\u011fi politikalar\u0131n\u0131n benimsenmesi, risklerin belirlenmesi ve y\u00f6netilmesi, acil durum planlar\u0131n\u0131n g\u00fc\u00e7lendirilmesi ve \u00e7al\u0131\u015fanlar\u0131n e\u011fitimi gibi \u00e7e\u015fitli \u00f6nlemleri i\u00e7eren kapsaml\u0131 bir yakla\u015f\u0131m\u0131 gerektirir. Bu \u015fekilde, i\u015fyerlerindeki riskler minimize edilerek, \u00e7al\u0131\u015fanlar\u0131n sa\u011fl\u0131\u011f\u0131 ve g\u00fcvenli\u011fi en \u00fcst d\u00fczeyde korunabilir.<br><br>\n\nAyr\u0131ca, \u00e7e\u015fitli \u00e7al\u0131\u015fmalardan elde edilen kan\u0131tlar, entegre politikalar, k\u00fcresel taahh\u00fctler, toplum temelli yakla\u015f\u0131mlar ve \u00e7evresel de\u011fi\u015fikliklerin ruh sa\u011fl\u0131\u011f\u0131 \u00fczerindeki etkileri konusunda artan fark\u0131ndal\u0131k yoluyla iklim de\u011fi\u015fikli\u011finin toplumun ve \u00e7al\u0131\u015fanlar\u0131n ruh sa\u011fl\u0131\u011f\u0131 \u00fczerindeki sonu\u00e7lar\u0131n\u0131n ele al\u0131nmas\u0131na y\u00f6nelik acil ihtiyac\u0131n alt\u0131 \u00e7izilmektedir. Toplumlar, iklim de\u011fi\u015fikli\u011fi ve ruh sa\u011fl\u0131\u011f\u0131n\u0131n kesi\u015fti\u011fi noktay\u0131 fark ederek ve buna g\u00f6re hareket ederek, iklim de\u011fi\u015fikli\u011finin yaratt\u0131\u011f\u0131 ruh sa\u011fl\u0131\u011f\u0131 sorunlar\u0131na daha iyi haz\u0131rlanabilir ve bunlar\u0131 hafifletebilir.<\/p><\/div><\/div>\t\t\t\t<\/div>\n\t\t\t\t<\/div>\n\t\t\t\t<div class=\"elementor-element elementor-element-567de83 elementor-widget elementor-widget-image-box\" data-id=\"567de83\" data-element_type=\"widget\" data-widget_type=\"image-box.default\">\n\t\t\t\t<div class=\"elementor-widget-container\">\n\t\t\t\t\t<div class=\"elementor-image-box-wrapper\"><div class=\"elementor-image-box-content\"><h4 class=\"elementor-image-box-title\">28 Nisan D\u00fcnya \u0130\u015f Sa\u011fl\u0131\u011f\u0131 ve G\u00fcvenli\u011fi G\u00fcn\u00fc, <\/h4><p class=\"elementor-image-box-description\">28 Nisan D\u00fcnya \u0130\u015f Sa\u011fl\u0131\u011f\u0131 ve G\u00fcvenli\u011fi G\u00fcn\u00fc, i\u015f sa\u011fl\u0131\u011f\u0131 ve g\u00fcvenli\u011fi konular\u0131n\u0131n \u00f6neminin vurgulanmas\u0131 ve i\u015fyerlerindeki g\u00fcvenlik k\u00fclt\u00fcr\u00fcn\u00fcn geli\u015ftirilmesi i\u00e7in bir f\u0131rsat sunmaktad\u0131r. Bu g\u00fcn, t\u00fcm payda\u015flar\u0131n i\u015f sa\u011fl\u0131\u011f\u0131 ve g\u00fcvenli\u011fi konusundaki taahh\u00fctlerini ve \u00e7abalar\u0131n\u0131 art\u0131rmalar\u0131 i\u00e7in bir \u00e7a\u011fr\u0131 niteli\u011fi ta\u015f\u0131maktad\u0131r. Bu \u015fekilde, i\u015f kazalar\u0131 ve meslek hastal\u0131klar\u0131 \u00f6nlenerek, daha sa\u011fl\u0131kl\u0131 ve g\u00fcvenli bir \u00e7al\u0131\u015fma ortam\u0131 sa\u011flanabilir ve \u00e7al\u0131\u015fanlar\u0131n ya\u015famlar\u0131 korunabilir.\n\u200b<\/p><\/div><\/div>\t\t\t\t<\/div>\n\t\t\t\t<\/div>\n\t\t\t\t<\/div>\n\t\t\t\t\t<\/div>\n\t\t\t\t<\/div>\n\t\t\t\t<\/div>","protected":false},"excerpt":{"rendered":"<p>2024 D\u00dcNYA \u0130\u015e SA\u011eLI\u011eI VE G\u00dcVENL\u0130\u011e\u0130 G\u00dcN\u00dc Uluslararas\u0131 \u00c7al\u0131\u015fma \u00d6rg\u00fct\u00fc, her y\u0131l 28 Nisan&#8217;da \u0130\u015f Sa\u011fl\u0131\u011f\u0131 ve G\u00fcvenli\u011fi G\u00fcn\u00fc&#8217;n\u00fc anarak, i\u015f sa\u011fl\u0131\u011f\u0131 ve g\u00fcvenli\u011fi ile ilgili bir tema \u00fczerine odaklan\u0131r. &hellip; <\/p>","protected":false},"author":208,"featured_media":0,"parent":0,"menu_order":0,"comment_status":"closed","ping_status":"closed","template":"","meta":{"footnotes":""},"class_list":["post-13578","page","type-page","status-publish","hentry"],"_links":{"self":[{"href":"https:\/\/worknhuman.com\/en\/wp-json\/wp\/v2\/pages\/13578","targetHints":{"allow":["GET"]}}],"collection":[{"href":"https:\/\/worknhuman.com\/en\/wp-json\/wp\/v2\/pages"}],"about":[{"href":"https:\/\/worknhuman.com\/en\/wp-json\/wp\/v2\/types\/page"}],"author":[{"embeddable":true,"href":"https:\/\/worknhuman.com\/en\/wp-json\/wp\/v2\/users\/208"}],"replies":[{"embeddable":true,"href":"https:\/\/worknhuman.com\/en\/wp-json\/wp\/v2\/comments?post=13578"}],"version-history":[{"count":10,"href":"https:\/\/worknhuman.com\/en\/wp-json\/wp\/v2\/pages\/13578\/revisions"}],"predecessor-version":[{"id":13777,"href":"https:\/\/worknhuman.com\/en\/wp-json\/wp\/v2\/pages\/13578\/revisions\/13777"}],"wp:attachment":[{"href":"https:\/\/worknhuman.com\/en\/wp-json\/wp\/v2\/media?parent=13578"}],"curies":[{"name":"wp","href":"https:\/\/api.w.org\/{rel}","templated":true}]}}